{"id":627,"date":"2025-07-10T08:42:00","date_gmt":"2025-07-10T08:42:00","guid":{"rendered":"https:\/\/firmaenvanteri.dersankoop.com\/?post_type=listing&#038;p=627"},"modified":"2025-07-10T08:42:03","modified_gmt":"2025-07-10T08:42:03","slug":"avrupa-temper-cam-balkon-ins-taah-tasimacilik-gida-tasarim-mad-gm-tur-san-ve-tic-ltd-sti","status":"publish","type":"listing","link":"https:\/\/firmaenvanteri.dersankoop.com\/index.php\/listing\/avrupa-temper-cam-balkon-ins-taah-tasimacilik-gida-tasarim-mad-gm-tur-san-ve-tic-ltd-sti\/","title":{"rendered":"AVRUPA TEMPER CAM BALKON \u0130N\u015e.TAAH.TA\u015eIMACILIK GIDA TASARIM MAD.GM.TUR.SAN.VE T\u0130C.LTD.\u015eT\u0130."},"content":{"rendered":"<p>Temperli cam, lamine cam ve \u00f6zel imalat \u00e7\u00f6z\u00fcmlerinde ihtiya\u00e7 duydu\u011fu ana ham maddelerin tamam\u0131na yak\u0131n\u0131n\u0131 yurt i\u00e7i tedarik\u00e7ilerinden 1.s\u0131n\u0131f olarak tedarik eden, y\u00fcksek \u00fcretim kapasitesine ve geni\u015f \u00fcr\u00fcn yelpazesine sahip b\u00f6lgenin temperli cam ve lamine cam \u00fcreticisidir.<\/p>\n","protected":false},"author":124,"featured_media":628,"comment_status":"open","ping_status":"closed","template":"","meta":{"_srk_meta_title":"","_srk_meta_description":"","_srk_robots_meta":[],"_srk_canonical_url":"","_srk_advanced_settings":[],"_srk_last_sync":0},"listing-category":[189],"list-tags":[191,192,190],"location":[25],"class_list":["post-627","listing","type-listing","status-publish","has-post-thumbnail","hentry","listing-category-cam-sanayi","list-tags-cam","list-tags-lamine-cam","list-tags-temperli-cam","location-ist"],"cubewp_post_meta":[],"taxonomies":["Cam Sanayi","CAM","LAM\u0130NE CAM","TEMPERL\u0130 CAM","\u0130stanbul"],"_links":{"self":[{"href":"https:\/\/firmaenvanteri.dersankoop.com\/index.php\/wp-json\/wp\/v2\/listing\/627","targetHints":{"allow":["GET"]}}],"collection":[{"href":"https:\/\/firmaenvanteri.dersankoop.com\/index.php\/wp-json\/wp\/v2\/listing"}],"about":[{"href":"https:\/\/firmaenvanteri.dersankoop.com\/index.php\/wp-json\/wp\/v2\/types\/listing"}],"author":[{"embeddable":true,"href":"https:\/\/firmaenvanteri.dersankoop.com\/index.php\/wp-json\/wp\/v2\/users\/124"}],"replies":[{"embeddable":true,"href":"https:\/\/firmaenvanteri.dersankoop.com\/index.php\/wp-json\/wp\/v2\/comments?post=627"}],"wp:featuredmedia":[{"embeddable":true,"href":"https:\/\/firmaenvanteri.dersankoop.com\/index.php\/wp-json\/wp\/v2\/media\/628"}],"wp:attachment":[{"href":"https:\/\/firmaenvanteri.dersankoop.com\/index.php\/wp-json\/wp\/v2\/media?parent=627"}],"wp:term":[{"taxonomy":"listing-category","embeddable":true,"href":"https:\/\/firmaenvanteri.dersankoop.com\/index.php\/wp-json\/wp\/v2\/listing-category?post=627"},{"taxonomy":"list-tags","embeddable":true,"href":"https:\/\/firmaenvanteri.dersankoop.com\/index.php\/wp-json\/wp\/v2\/list-tags?post=627"},{"taxonomy":"location","embeddable":true,"href":"https:\/\/firmaenvanteri.dersankoop.com\/index.php\/wp-json\/wp\/v2\/location?post=627"}],"curies":[{"name":"wp","href":"https:\/\/api.w.org\/{rel}","templated":true}]}}